{"id":282,"date":"2021-03-25T16:21:51","date_gmt":"2021-03-25T15:21:51","guid":{"rendered":"https:\/\/plaine-haute.com\/vin-bio\/?page_id=282"},"modified":"2021-11-20T20:19:33","modified_gmt":"2021-11-20T19:19:33","slug":"olivier-robert-le-vigneron-du-mas-de-la-plaine-haute","status":"publish","type":"page","link":"https:\/\/plaine-haute.com\/vin-bio\/olivier-robert-le-vigneron-du-mas-de-la-plaine-haute\/","title":{"rendered":"Olivier ROBERT. Le vigneron du Mas de la Plaine Haute"},"content":{"rendered":"<p>[et_pb_section fb_built=\u00a0\u00bb1&Prime; fullwidth=\u00a0\u00bbon\u00a0\u00bb _builder_version=\u00a0\u00bb4.9.0&Prime; _module_preset=\u00a0\u00bbdefault\u00a0\u00bb custom_padding=\u00a0\u00bb0px|0px|0px|0px|false|false\u00a0\u00bb][et_pb_fullwidth_header title=\u00a0\u00bbOlivier ROBERT\u00a0\u00bb subhead=\u00a0\u00bbLe vigneron bio du Mas de la Plaine Haute\u00a0\u00bb text_orientation=\u00a0\u00bbright\u00a0\u00bb button_one_text=\u00a0\u00bbPetite Histoire\u00a0\u00bb button_one_url=\u00a0\u00bbhttps:\/\/plaine-haute.com\/vin-bio\/olivier-robert-le-vigneron-du-mas-de-la-plaine-haute\/#petitehistoire\u00a0\u00bb button_two_text=\u00a0\u00bbGrande Histoire\u00a0\u00bb button_two_url=\u00a0\u00bbhttps:\/\/plaine-haute.com\/vin-bio\/olivier-robert-le-vigneron-du-mas-de-la-plaine-haute\/#grandehistoire\u00a0\u00bb content_max_width=\u00a0\u00bb90%\u00a0\u00bb _builder_version=\u00a0\u00bb4.9.0&Prime; _module_preset=\u00a0\u00bbdefault\u00a0\u00bb title_font=\u00a0\u00bbNoto Serif|700|||||||\u00a0\u00bb title_text_align=\u00a0\u00bbright\u00a0\u00bb title_font_size=\u00a0\u00bb3vw\u00a0\u00bb title_line_height=\u00a0\u00bb1.8em\u00a0\u00bb subhead_font=\u00a0\u00bb|700|||||||\u00a0\u00bb subhead_text_align=\u00a0\u00bbright\u00a0\u00bb subhead_font_size=\u00a0\u00bb23px\u00a0\u00bb background_enable_color=\u00a0\u00bboff\u00a0\u00bb background_image=\u00a0\u00bbhttps:\/\/plaine-haute.com\/vin-bio\/wp-content\/uploads\/2021\/03\/olivier-robert-vigneron-agroecologie-vins-bio-languedoc-occintanie.jpg\u00a0\u00bb background_position=\u00a0\u00bbtop_center\u00a0\u00bb custom_button_one=\u00a0\u00bbon\u00a0\u00bb button_one_text_size=\u00a0\u00bb18px\u00a0\u00bb button_one_custom_margin=\u00a0\u00bb0px||||false|false\u00a0\u00bb button_one_custom_margin_tablet=\u00a0\u00bb\u00a0\u00bb button_one_custom_margin_phone=\u00a0\u00bb140px||||false|false\u00a0\u00bb button_one_custom_margin_last_edited=\u00a0\u00bbon|phone\u00a0\u00bb custom_button_two=\u00a0\u00bbon\u00a0\u00bb button_two_text_size=\u00a0\u00bb18px\u00a0\u00bb min_height=\u00a0\u00bb971.8px\u00a0\u00bb custom_margin=\u00a0\u00bb1px||0px||false|false\u00a0\u00bb custom_margin_tablet=\u00a0\u00bb\u00a0\u00bb custom_margin_phone=\u00a0\u00bb-11px||||false|false\u00a0\u00bb custom_margin_last_edited=\u00a0\u00bbon|phone\u00a0\u00bb custom_padding=\u00a0\u00bb0px||||false|false\u00a0\u00bb custom_padding_tablet=\u00a0\u00bb0px||||false|false\u00a0\u00bb custom_padding_phone=\u00a0\u00bb0px||||false|false\u00a0\u00bb custom_padding_last_edited=\u00a0\u00bbon|phone\u00a0\u00bb title_font_size_tablet=\u00a0\u00bb47px\u00a0\u00bb title_font_size_phone=\u00a0\u00bb25px\u00a0\u00bb title_font_size_last_edited=\u00a0\u00bbon|tablet\u00a0\u00bb title_line_height_tablet=\u00a0\u00bb\u00a0\u00bb title_line_height_phone=\u00a0\u00bb1.4em\u00a0\u00bb title_line_height_last_edited=\u00a0\u00bbon|phone\u00a0\u00bb subhead_font_size_tablet=\u00a0\u00bb19px\u00a0\u00bb subhead_font_size_phone=\u00a0\u00bb17px\u00a0\u00bb subhead_font_size_last_edited=\u00a0\u00bbon|tablet\u00a0\u00bb background_last_edited=\u00a0\u00bbon|phone\u00a0\u00bb background_image_phone=\u00a0\u00bbhttps:\/\/plaine-haute.com\/vin-bio\/wp-content\/uploads\/2021\/03\/olivier-robert-vigneron-agroecologie-vins-bio-muscat-rouge-languedoc-occintanie.jpg\u00a0\u00bb background_enable_image_phone=\u00a0\u00bbon\u00a0\u00bb background_size_phone=\u00a0\u00bbcover\u00a0\u00bb background_position_phone=\u00a0\u00bbcenter\u00a0\u00bb button_one_text_size_tablet=\u00a0\u00bb\u00a0\u00bb button_one_text_size_phone=\u00a0\u00bb13px\u00a0\u00bb button_one_text_size_last_edited=\u00a0\u00bbon|phone\u00a0\u00bb button_two_text_size_tablet=\u00a0\u00bb\u00a0\u00bb button_two_text_size_phone=\u00a0\u00bb12px\u00a0\u00bb button_two_text_size_last_edited=\u00a0\u00bbon|phone\u00a0\u00bb title_text_shadow_style=\u00a0\u00bbpreset2&Prime; title_text_shadow_blur_strength=\u00a0\u00bb0.1em\u00a0\u00bb subhead_text_shadow_style=\u00a0\u00bbpreset5&Prime;][\/et_pb_fullwidth_header][\/et_pb_section][et_pb_section fb_built=\u00a0\u00bb1&Prime; _builder_version=\u00a0\u00bb4.9.0&Prime; _module_preset=\u00a0\u00bbdefault\u00a0\u00bb background_image=\u00a0\u00bbhttps:\/\/plaine-haute.com\/vin-bio\/wp-content\/uploads\/2021\/03\/olivier-robert-vigneron-bio-languedoc-occitanie-scaled.jpg\u00a0\u00bb background_position=\u00a0\u00bbtop_left\u00a0\u00bb custom_margin_tablet=\u00a0\u00bb||-95px||false|false\u00a0\u00bb custom_margin_phone=\u00a0\u00bb||-91px||false|false\u00a0\u00bb custom_margin_last_edited=\u00a0\u00bbon|desktop\u00a0\u00bb background_last_edited=\u00a0\u00bbon|phone\u00a0\u00bb background_enable_image_tablet=\u00a0\u00bboff\u00a0\u00bb][et_pb_row module_id=\u00a0\u00bbpetitehistoire\u00a0\u00bb _builder_version=\u00a0\u00bb4.9.0&Prime; _module_preset=\u00a0\u00bbdefault\u00a0\u00bb][et_pb_column type=\u00a0\u00bb4_4&Prime; _builder_version=\u00a0\u00bb4.9.0&Prime; _module_preset=\u00a0\u00bbdefault\u00a0\u00bb][et_pb_testimonial author=\u00a0\u00bbOlivier ROBERT\u00a0\u00bb job_title=\u00a0\u00bbVigneron\u00a0\u00bb company_name=\u00a0\u00bbMas de la Plaine Haute\u00a0\u00bb admin_label=\u00a0\u00bbUne de mes grandes fiert\u00e9s&#8230;\u00a0\u00bb _builder_version=\u00a0\u00bb4.9.0&Prime; _module_preset=\u00a0\u00bbdefault\u00a0\u00bb body_font=\u00a0\u00bb|600|||||||\u00a0\u00bb body_text_color=\u00a0\u00bbrgba(0,0,0,0.61)\u00a0\u00bb background_color=\u00a0\u00bbrgba(174,120,62,0.16)\u00a0\u00bb animation_style=\u00a0\u00bbslide\u00a0\u00bb animation_direction=\u00a0\u00bbbottom\u00a0\u00bb animation_duration=\u00a0\u00bb1500ms\u00a0\u00bb box_shadow_style=\u00a0\u00bbpreset2&Prime;]<\/p>\n<blockquote>\n<p>Une de mes grandes fiert\u00e9s, au-del\u00e0 des compliments que me font celles et ceux qui appr\u00e9cient mes vins, est d&rsquo;avoir su pr\u00e9server ce terroir magnifique pour le transmettre un jour, plus beau encore, \u00e0 mes enfants.<\/p>\n<\/blockquote>\n<p>[\/et_pb_testimonial][\/et_pb_column][\/et_pb_row][et_pb_row column_structure=\u00a0\u00bb1_2,1_2&Prime; _builder_version=\u00a0\u00bb4.9.0&Prime; _module_preset=\u00a0\u00bbdefault\u00a0\u00bb][et_pb_column type=\u00a0\u00bb1_2&Prime; _builder_version=\u00a0\u00bb4.9.0&Prime; _module_preset=\u00a0\u00bbdefault\u00a0\u00bb][et_pb_text admin_label=\u00a0\u00bbLa petite histoire\u00a0\u00bb _builder_version=\u00a0\u00bb4.9.0&Prime; _module_preset=\u00a0\u00bbdefault\u00a0\u00bb header_2_font=\u00a0\u00bb|600||on|||||\u00a0\u00bb]<\/p>\n<h2>La petite histoire<\/h2>\n<p>[\/et_pb_text][et_pb_divider color=\u00a0\u00bb#5DB500&Prime; divider_position=\u00a0\u00bbcenter\u00a0\u00bb divider_weight=\u00a0\u00bb3px\u00a0\u00bb _builder_version=\u00a0\u00bb4.9.0&Prime; _module_preset=\u00a0\u00bbdefault\u00a0\u00bb width=\u00a0\u00bb50%\u00a0\u00bb max_width=\u00a0\u00bb50%\u00a0\u00bb][\/et_pb_divider][et_pb_text _builder_version=\u00a0\u00bb4.9.0&Prime; _module_preset=\u00a0\u00bbdefault\u00a0\u00bb text_font=\u00a0\u00bb|600|||||||\u00a0\u00bb text_text_color=\u00a0\u00bb#000000&Prime; custom_margin_tablet=\u00a0\u00bb||-42px||false|false\u00a0\u00bb custom_margin_phone=\u00a0\u00bb||-28px||false|false\u00a0\u00bb custom_margin_last_edited=\u00a0\u00bbon|phone\u00a0\u00bb]<\/p>\n<p>Jeune, le travail de la vigne ne m\u2019attirait pas beaucoup !<\/p>\n<p>J\u2019aidais occasionnellement, surtout pour les vendanges, mais je ne pensais pas en faire mon m\u00e9tier.<\/p>\n<p>Mais apr\u00e8s la trentaine, je me suis senti attir\u00e9 par la viticulture et&#8230; ce terroir si beau !<\/p>\n<p>J\u2019ai donc entrepris un BTA Viticulture-\u0152nologie par correspondance, que j\u2019ai obtenu en 3 ans.<\/p>\n<p>Je pensais faire comme mes a\u00efeux, coop\u00e9rateur (cultiver la vigne et apporter mes raisins \u00e0 la Cave Coop\u00e9rative pour le faire vinifier).<\/p>\n<p>Mais les cours pratiques re\u00e7us \u00e0 Bordeaux, m\u2019ont fait conna\u00eetre des personnes qui m\u2019ont transmis leur passion de faire le vin !<\/p>\n<p>&nbsp;<\/p>\n<p>[\/et_pb_text][\/et_pb_column][et_pb_column type=\u00a0\u00bb1_2&Prime; _builder_version=\u00a0\u00bb4.9.0&Prime; _module_preset=\u00a0\u00bbdefault\u00a0\u00bb][et_pb_divider show_divider=\u00a0\u00bboff\u00a0\u00bb _builder_version=\u00a0\u00bb4.9.0&Prime; _module_preset=\u00a0\u00bbdefault\u00a0\u00bb height=\u00a0\u00bb115px\u00a0\u00bb height_tablet=\u00a0\u00bb\u00a0\u00bb height_phone=\u00a0\u00bb0px\u00a0\u00bb height_last_edited=\u00a0\u00bbon|phone\u00a0\u00bb][\/et_pb_divider][et_pb_image src=\u00a0\u00bbhttps:\/\/plaine-haute.com\/vin-bio\/wp-content\/uploads\/2021\/03\/olivier-robert-jeune-vigneron-occitanie.jpg\u00a0\u00bb title_text=\u00a0\u00bbOlivier Robert : les d\u00e9buts prometteurs d&rsquo;un vigneron et ses deux filles\u00a0\u00bb show_in_lightbox=\u00a0\u00bbon\u00a0\u00bb _builder_version=\u00a0\u00bb4.9.0&Prime; _module_preset=\u00a0\u00bbdefault\u00a0\u00bb animation_style=\u00a0\u00bbslide\u00a0\u00bb animation_direction=\u00a0\u00bbright\u00a0\u00bb hover_enabled=\u00a0\u00bb0&Prime; box_shadow_style=\u00a0\u00bbpreset2&Prime; alt=\u00a0\u00bbOlivier Robert : les d\u00e9buts prometteurs d&rsquo;un vigneron et ses deux filles\u00a0\u00bb sticky_enabled=\u00a0\u00bb0&Prime;][\/et_pb_image][\/et_pb_column][\/et_pb_row][et_pb_row column_structure=\u00a0\u00bb1_2,1_2&Prime; module_class=\u00a0\u00bbcustom_row\u00a0\u00bb _builder_version=\u00a0\u00bb4.9.0&Prime; _module_preset=\u00a0\u00bbdefault\u00a0\u00bb][et_pb_column type=\u00a0\u00bb1_2&Prime; module_class=\u00a0\u00bbsecond-on-mobile \u00a0\u00bb _builder_version=\u00a0\u00bb4.9.0&Prime; _module_preset=\u00a0\u00bbdefault\u00a0\u00bb][et_pb_image src=\u00a0\u00bbhttps:\/\/plaine-haute.com\/vin-bio\/wp-content\/uploads\/2021\/03\/olivier-robert-vigneron-bio-mas-plaine-haute.jpg\u00a0\u00bb title_text=\u00a0\u00bbOlivier Robert vigneron : premi\u00e8res vendanges au Mas de la Plaine Haute en H\u00e9rault, Occitanie\u00a0\u00bb show_in_lightbox=\u00a0\u00bbon\u00a0\u00bb _builder_version=\u00a0\u00bb4.9.0&Prime; _module_preset=\u00a0\u00bbdefault\u00a0\u00bb animation_style=\u00a0\u00bbslide\u00a0\u00bb animation_direction=\u00a0\u00bbleft\u00a0\u00bb hover_enabled=\u00a0\u00bb0&Prime; box_shadow_style=\u00a0\u00bbpreset2&Prime; alt=\u00a0\u00bbOlivier Robert vigneron : premi\u00e8res vendanges au Mas de la Plaine Haute en H\u00e9rault, Occitanie\u00a0\u00bb sticky_enabled=\u00a0\u00bb0&Prime;][\/et_pb_image][\/et_pb_column][et_pb_column type=\u00a0\u00bb1_2&Prime; module_class=\u00a0\u00bbfirst-on-mobile \u00a0\u00bb _builder_version=\u00a0\u00bb4.9.0&Prime; _module_preset=\u00a0\u00bbdefault\u00a0\u00bb][et_pb_text content_tablet=\u00a0\u00bb<\/p>\n<p>En 1994 et 95, pour m\u2019amuser, j\u2019ai vinifi\u00e9 \u00e0 cot\u00e9 des tracteurs, en naturellement doux, quelques vieilles souches laiss\u00e9es en surmaturit\u00e9 (environ 1 hl).<\/p>\n<p>Le virus \u00e9tait attrap\u00e9 !<\/p>\n<p>Donc, en 1996, je me suis d\u00e9clar\u00e9 officiellement Viticulteur Producteur vinifiant en cave particuli\u00e8re, sur une surface de 0,72 ha (5 hl !).<\/p>\n<p>\u00a0\u00bb content_phone=\u00a0\u00bb<\/p>\n<p>En 1994 et 95, pour m\u2019amuser, j\u2019ai vinifi\u00e9 \u00e0 cot\u00e9 des tracteurs, en naturellement doux, quelques vieilles souches laiss\u00e9es en surmaturit\u00e9 (environ 1 hl).<\/p>\n<p>Le virus \u00e9tait attrap\u00e9 !<\/p>\n<p>Donc, en 1996, je me suis d\u00e9clar\u00e9 officiellement Viticulteur Producteur vinifiant en cave particuli\u00e8re, sur une surface de 0,72 ha (5 hl !).<\/p>\n<p>\u00a0\u00bb content_last_edited=\u00a0\u00bbon|tablet\u00a0\u00bb _builder_version=\u00a0\u00bb4.9.0&Prime; _module_preset=\u00a0\u00bbdefault\u00a0\u00bb text_font=\u00a0\u00bb|600|||||||\u00a0\u00bb text_text_color=\u00a0\u00bb#000000&Prime;]<\/p>\n<p>En 1994 et 95, pour m\u2019amuser, j\u2019ai vinifi\u00e9 \u00e0 cot\u00e9 des tracteurs, en naturellement doux, quelques vieilles souches laiss\u00e9es en surmaturit\u00e9 (environ 1 hl).<\/p>\n<p>Le virus \u00e9tait attrap\u00e9 !<\/p>\n<p>Donc, en 1996, je me suis d\u00e9clar\u00e9 officiellement Viticulteur Producteur vinifiant en cave particuli\u00e8re, sur une surface de 0,72 ha (5 hl !).<\/p>\n<p>[\/et_pb_text][et_pb_text _builder_version=\u00a0\u00bb4.9.0&Prime; _module_preset=\u00a0\u00bbdefault\u00a0\u00bb text_font=\u00a0\u00bb|600|||||||\u00a0\u00bb text_text_color=\u00a0\u00bb#000000&Prime; custom_margin_tablet=\u00a0\u00bb0px||24px||false|false\u00a0\u00bb custom_margin_phone=\u00a0\u00bb\u00a0\u00bb custom_margin_last_edited=\u00a0\u00bbon|phone\u00a0\u00bb]<\/p>\n<p>Maintenant, en travaillant 4 jours par semaine sur l\u2019exploitation et en ayant diversifi\u00e9 l\u2019enc\u00e9pagement, je fais chaque ann\u00e9e :<\/p>\n<ul>\n<li>au moins 3 vins diff\u00e9rents \u00e0 base de raisins muscat,<\/li>\n<li>plus un blanc sec de vermentino,<\/li>\n<li>un ros\u00e9<\/li>\n<li>et deux ou 3 vins rouges (mourv\u00e8dre, syrah, grenache).<\/li>\n<\/ul>\n<p>Pour un total d\u2019environ 9 milles bouteilles par an, sur environ 3 ha.<\/p>\n<p>Bien s\u00fbr tout n\u2019est pas fini (et ce ne le sera jamais).<\/p>\n<p>[\/et_pb_text][\/et_pb_column][\/et_pb_row][et_pb_row column_structure=\u00a0\u00bb1_2,1_2&Prime; module_class=\u00a0\u00bbcustom_row\u00a0\u00bb _builder_version=\u00a0\u00bb4.9.0&Prime; _module_preset=\u00a0\u00bbdefault\u00a0\u00bb][et_pb_column type=\u00a0\u00bb1_2&Prime; module_class=\u00a0\u00bbfirst-on-mobile \u00a0\u00bb _builder_version=\u00a0\u00bb4.9.0&Prime; _module_preset=\u00a0\u00bbdefault\u00a0\u00bb][et_pb_text content_tablet=\u00a0\u00bb<\/p>\n<p>Il y a encore beaucoup de travail et d\u2019essais \u00e0 faire :<\/p>\n<ul>\n<li>en plantant de nouveaux c\u00e9pages,<\/li>\n<li>en am\u00e9liorant mes techniques culturales,<\/li>\n<li>en vinifiant de nouveaux vins,<\/li>\n<\/ul>\n<p>Mais avec le magnifique terroir que nous avons, la passion et les r\u00e9sultats d\u00e9j\u00e0 tr\u00e8s encourageants, je serai bient\u00f4t un vigneron heureux \u00e0 plein temps !<\/p>\n<p>\u00a0\u00bb content_phone=\u00a0\u00bb<\/p>\n<p>Il y a encore beaucoup de travail et d\u2019essais \u00e0 faire :<\/p>\n<ul>\n<li>en plantant de nouveaux c\u00e9pages,<\/li>\n<li>en am\u00e9liorant mes techniques culturales,<\/li>\n<li>en vinifiant de nouveaux vins,<\/li>\n<\/ul>\n<p>Mais avec le magnifique terroir que nous avons, la passion et les r\u00e9sultats d\u00e9j\u00e0 tr\u00e8s encourageants, je serai bient\u00f4t un vigneron heureux \u00e0 plein temps !<\/p>\n<p>\u00a0\u00bb content_last_edited=\u00a0\u00bbon|phone\u00a0\u00bb _builder_version=\u00a0\u00bb4.9.0&Prime; _module_preset=\u00a0\u00bbdefault\u00a0\u00bb text_font=\u00a0\u00bb|600|||||||\u00a0\u00bb text_text_color=\u00a0\u00bb#000000&Prime; custom_margin=\u00a0\u00bb8px||||false|false\u00a0\u00bb custom_margin_tablet=\u00a0\u00bb-25px||||false|false\u00a0\u00bb custom_margin_phone=\u00a0\u00bb-45px||||false|false\u00a0\u00bb custom_margin_last_edited=\u00a0\u00bbon|phone\u00a0\u00bb]<\/p>\n<p>Il y a encore beaucoup de travail et d\u2019essais \u00e0 faire :<\/p>\n<ul>\n<li>en plantant de nouveaux c\u00e9pages,<\/li>\n<li>en am\u00e9liorant mes techniques culturales,<\/li>\n<li>en vinifiant de nouveaux vins,<\/li>\n<\/ul>\n<p>&nbsp;<\/p>\n<p>Mais avec le magnifique terroir que nous avons, la passion et les r\u00e9sultats d\u00e9j\u00e0 tr\u00e8s encourageants, je serai bient\u00f4t un vigneron heureux \u00e0 plein temps !<\/p>\n<p>[\/et_pb_text][\/et_pb_column][et_pb_column type=\u00a0\u00bb1_2&Prime; module_class=\u00a0\u00bbsecond-on-mobile\u00a0\u00bb _builder_version=\u00a0\u00bb4.9.0&Prime; _module_preset=\u00a0\u00bbdefault\u00a0\u00bb][et_pb_image src=\u00a0\u00bbhttps:\/\/plaine-haute.com\/vin-bio\/wp-content\/uploads\/2021\/03\/olivier-robert-plantation-cepage-vin-rouge.jpg\u00a0\u00bb title_text=\u00a0\u00bbPlantation de c\u00e9pages rouges, Syrah, Grenache, Mourv\u00e8dre. Mas de la Plaine Haute. H\u00e9rault, Occitanie. Photo : Alain Marquina. https:\/\/photos-vigne.com\u00a0\u00bb show_in_lightbox=\u00a0\u00bbon\u00a0\u00bb _builder_version=\u00a0\u00bb4.9.0&Prime; _module_preset=\u00a0\u00bbdefault\u00a0\u00bb animation_style=\u00a0\u00bbslide\u00a0\u00bb animation_direction=\u00a0\u00bbright\u00a0\u00bb hover_enabled=\u00a0\u00bb0&Prime; box_shadow_style=\u00a0\u00bbpreset2&Prime; alt=\u00a0\u00bbPlantation de c\u00e9pages rouges, Syrah, Grenache, Mourv\u00e8dre. Mas de la Plaine Haute. H\u00e9rault, Occitanie. Photo : Alain Marquina. https:\/\/photos-vigne.com\u00a0\u00bb sticky_enabled=\u00a0\u00bb0&Prime;][\/et_pb_image][\/et_pb_column][\/et_pb_row][et_pb_row _builder_version=\u00a0\u00bb4.9.0&Prime; _module_preset=\u00a0\u00bbdefault\u00a0\u00bb][et_pb_column type=\u00a0\u00bb4_4&Prime; _builder_version=\u00a0\u00bb4.9.0&Prime; _module_preset=\u00a0\u00bbdefault\u00a0\u00bb][et_pb_image src=\u00a0\u00bbhttps:\/\/plaine-haute.com\/vin-bio\/wp-content\/uploads\/2021\/04\/vigneron-agroecologie-plaine-haute-languedoc-occitanie.jpg\u00a0\u00bb title_text=\u00a0\u00bbVendanges manuelles en comportes, vins rouges bio, Syrah, Grenache. Mas de la Plaine Haute en h\u00e9rault. Occitanie. Olivier Robert Vigneron. Photo : Alain Marquina. https:\/\/photos-vigne.com\u00a0\u00bb show_in_lightbox=\u00a0\u00bbon\u00a0\u00bb src_tablet=\u00a0\u00bb\u00a0\u00bb src_phone=\u00a0\u00bb\u00a0\u00bb src_last_edited=\u00a0\u00bbon|phone\u00a0\u00bb _builder_version=\u00a0\u00bb4.9.0&Prime; _module_preset=\u00a0\u00bbdefault\u00a0\u00bb animation_style=\u00a0\u00bbslide\u00a0\u00bb animation_direction=\u00a0\u00bbleft\u00a0\u00bb animation_duration=\u00a0\u00bb1550ms\u00a0\u00bb animation_speed_curve=\u00a0\u00bblinear\u00a0\u00bb hover_enabled=\u00a0\u00bb0&Prime; box_shadow_style=\u00a0\u00bbpreset2&Prime; alt=\u00a0\u00bbVendanges manuelles en comportes, vins rouges bio, Syrah, Grenache. Mas de la Plaine Haute en h\u00e9rault. Occitanie. Olivier Robert Vigneron. Photo : Alain Marquina. https:\/\/photos-vigne.com\u00a0\u00bb sticky_enabled=\u00a0\u00bb0&Prime;][\/et_pb_image][\/et_pb_column][\/et_pb_row][\/et_pb_section][et_pb_section fb_built=\u00a0\u00bb1&Prime; _builder_version=\u00a0\u00bb4.9.0&Prime; _module_preset=\u00a0\u00bbdefault\u00a0\u00bb background_image=\u00a0\u00bbhttps:\/\/plaine-haute.com\/vin-bio\/wp-content\/uploads\/2021\/03\/coccinelles.jpg\u00a0\u00bb background_position=\u00a0\u00bbtop_right\u00a0\u00bb min_height=\u00a0\u00bb560.8px\u00a0\u00bb][et_pb_row column_structure=\u00a0\u00bb1_2,1_2&Prime; module_id=\u00a0\u00bbagroecologie\u00a0\u00bb _builder_version=\u00a0\u00bb4.9.0&Prime; _module_preset=\u00a0\u00bbdefault\u00a0\u00bb][et_pb_column type=\u00a0\u00bb1_2&Prime; _builder_version=\u00a0\u00bb4.9.0&Prime; _module_preset=\u00a0\u00bbdefault\u00a0\u00bb][et_pb_text admin_label=\u00a0\u00bbLa grande histoire\u00a0\u00bb module_id=\u00a0\u00bbgrandehistoire\u00a0\u00bb _builder_version=\u00a0\u00bb4.9.0&Prime; _module_preset=\u00a0\u00bbdefault\u00a0\u00bb header_2_font=\u00a0\u00bb|600||on|||||\u00a0\u00bb]<\/p>\n<h2>La grande histoire<\/h2>\n<p>[\/et_pb_text][et_pb_divider color=\u00a0\u00bb#5DB500&Prime; divider_position=\u00a0\u00bbcenter\u00a0\u00bb divider_weight=\u00a0\u00bb3px\u00a0\u00bb _builder_version=\u00a0\u00bb4.9.0&Prime; _module_preset=\u00a0\u00bbdefault\u00a0\u00bb width=\u00a0\u00bb50%\u00a0\u00bb max_width=\u00a0\u00bb50%\u00a0\u00bb][\/et_pb_divider][et_pb_text _builder_version=\u00a0\u00bb4.9.0&Prime; _module_preset=\u00a0\u00bbdefault\u00a0\u00bb text_font=\u00a0\u00bb|600|||||||\u00a0\u00bb text_text_color=\u00a0\u00bb#000000&Prime;]<\/p>\n<p>En 2011, une nouvelle aventure commence au Mas de la Plaine Haute, avec l&rsquo;arriv\u00e9e du Parpagnas !<\/p>\n<p>[\/et_pb_text][\/et_pb_column][et_pb_column type=\u00a0\u00bb1_2&Prime; _builder_version=\u00a0\u00bb4.9.0&Prime; _module_preset=\u00a0\u00bbdefault\u00a0\u00bb][et_pb_image admin_label=\u00a0\u00bbmodule vierge\/ Colonne vide\u00a0\u00bb _builder_version=\u00a0\u00bb4.9.0&Prime; _module_preset=\u00a0\u00bbdefault\u00a0\u00bb][\/et_pb_image][\/et_pb_column][\/et_pb_row][et_pb_row _builder_version=\u00a0\u00bb4.9.0&Prime; _module_preset=\u00a0\u00bbdefault\u00a0\u00bb][et_pb_column type=\u00a0\u00bb4_4&Prime; _builder_version=\u00a0\u00bb4.9.0&Prime; _module_preset=\u00a0\u00bbdefault\u00a0\u00bb][et_pb_button button_url=\u00a0\u00bbhttps:\/\/www.youtube.com\/watch?v=WrToKrfI5ns&#038;t=10s\u00a0\u00bb url_new_window=\u00a0\u00bbon\u00a0\u00bb button_text=\u00a0\u00bbD\u00e9couvrir l&rsquo;aventure\u00a0\u00bb admin_label=\u00a0\u00bbBouton D\u00e9couvrir l&rsquo;aventure\u00a0\u00bb _builder_version=\u00a0\u00bb4.9.0&Prime; _module_preset=\u00a0\u00bbdefault\u00a0\u00bb custom_button=\u00a0\u00bbon\u00a0\u00bb button_text_size=\u00a0\u00bb16px\u00a0\u00bb button_text_color=\u00a0\u00bb#FFFFFF\u00a0\u00bb button_bg_color=\u00a0\u00bb#5DB500&Prime; button_border_width=\u00a0\u00bb0px\u00a0\u00bb button_border_radius=\u00a0\u00bb22px\u00a0\u00bb button_font=\u00a0\u00bb|600|||||||\u00a0\u00bb custom_margin=\u00a0\u00bb-38px||||false|false\u00a0\u00bb custom_margin_tablet=\u00a0\u00bb-77px||||false|false\u00a0\u00bb custom_margin_phone=\u00a0\u00bb\u00a0\u00bb custom_margin_last_edited=\u00a0\u00bbon|phone\u00a0\u00bb button_text_shadow_style=\u00a0\u00bbpreset5&Prime; box_shadow_style=\u00a0\u00bbpreset2&Prime; box_shadow_horizontal=\u00a0\u00bb3px\u00a0\u00bb box_shadow_color=\u00a0\u00bbrgba(0,0,0,0.72)\u00a0\u00bb][\/et_pb_button][\/et_pb_column][\/et_pb_row][et_pb_row column_structure=\u00a0\u00bb1_2,1_2&Prime; _builder_version=\u00a0\u00bb4.9.0&Prime; _module_preset=\u00a0\u00bbdefault\u00a0\u00bb][et_pb_column type=\u00a0\u00bb1_2&Prime; _builder_version=\u00a0\u00bb4.9.0&Prime; _module_preset=\u00a0\u00bbdefault\u00a0\u00bb][et_pb_text _builder_version=\u00a0\u00bb4.9.0&Prime; _module_preset=\u00a0\u00bbdefault\u00a0\u00bb text_font=\u00a0\u00bb|600|||||||\u00a0\u00bb text_text_color=\u00a0\u00bb#000000&Prime;]<\/p>\n<p>Cette aventure va co\u00efncider avec ma volont\u00e9 d&rsquo;agir concr\u00e8tement pour la protection de notre plan\u00e8te et la sant\u00e9 de mes clients !<\/p>\n<p>Ce sera d&rsquo;abord La certification \u00ab\u00a0Agriculture Biologique\u00a0\u00bb (premi\u00e8re ann\u00e9e de transition en 2012) et obtention du label en 2015. Au Mas de la Plaine haute mon p\u00e8re et moi, nous n&rsquo;avons jamais \u00e9t\u00e9 des partisans de la chimie&#8230;le terroir et le climat nous aident beaucoup en ce sens et nos sols sont en bonne sant\u00e9 depuis toujours&#8230;<\/p>\n<p>Depuis 2017, le passage \u00e0 l\u2019Agro\u00e9cologie (Agriculture de Conservation des Sols avec enherbement et non labour), me font voir la vie et mon travail de vigneron autrement, avec un besoin de respecter mon environnement. Je ne lutte plus contre la nature et les \u00ab mauvaises herbes \u00bb, au contraire je m\u2019en sers pour rendre mes sols plus fertiles et avoir des vignes plus productives et plus r\u00e9sistantes.<\/p>\n<p>&nbsp;<\/p>\n<p>[\/et_pb_text][\/et_pb_column][et_pb_column type=\u00a0\u00bb1_2&Prime; _builder_version=\u00a0\u00bb4.9.0&Prime; _module_preset=\u00a0\u00bbdefault\u00a0\u00bb][et_pb_gallery gallery_ids=\u00a0\u00bb1386,455&Prime; fullwidth=\u00a0\u00bbon\u00a0\u00bb _builder_version=\u00a0\u00bb4.9.0&Prime; _module_preset=\u00a0\u00bbdefault\u00a0\u00bb hover_enabled=\u00a0\u00bb0&Prime; box_shadow_style=\u00a0\u00bbpreset2&Prime; sticky_enabled=\u00a0\u00bb0&Prime;][\/et_pb_gallery][\/et_pb_column][\/et_pb_row][et_pb_row column_structure=\u00a0\u00bb1_2,1_2&Prime; module_class=\u00a0\u00bbcustom_row\u00a0\u00bb _builder_version=\u00a0\u00bb4.9.0&Prime; _module_preset=\u00a0\u00bbdefault\u00a0\u00bb][et_pb_column type=\u00a0\u00bb1_2&Prime; module_class=\u00a0\u00bbsecond-on-mobile\u00a0\u00bb _builder_version=\u00a0\u00bb4.9.0&Prime; _module_preset=\u00a0\u00bbdefault\u00a0\u00bb][et_pb_gallery gallery_ids=\u00a0\u00bb1389,1390&Prime; fullwidth=\u00a0\u00bbon\u00a0\u00bb _builder_version=\u00a0\u00bb4.9.0&Prime; _module_preset=\u00a0\u00bbdefault\u00a0\u00bb hover_enabled=\u00a0\u00bb0&Prime; box_shadow_style=\u00a0\u00bbpreset2&Prime; sticky_enabled=\u00a0\u00bb0&Prime;][\/et_pb_gallery][\/et_pb_column][et_pb_column type=\u00a0\u00bb1_2&Prime; module_class=\u00a0\u00bbfirst-on-mobile\u00a0\u00bb _builder_version=\u00a0\u00bb4.9.0&Prime; _module_preset=\u00a0\u00bbdefault\u00a0\u00bb][et_pb_text _builder_version=\u00a0\u00bb4.9.0&Prime; _module_preset=\u00a0\u00bbdefault\u00a0\u00bb text_font=\u00a0\u00bb|600|||||||\u00a0\u00bb text_text_color=\u00a0\u00bb#000000&Prime; custom_margin_tablet=\u00a0\u00bb\u00a0\u00bb custom_margin_phone=\u00a0\u00bb\u00a0\u00bb custom_margin_last_edited=\u00a0\u00bbon|phone\u00a0\u00bb custom_padding=\u00a0\u00bb0px||20px||false|false\u00a0\u00bb]<\/p>\n<p>L\u2019agro\u00e9cologie (ou Agriculture de Conservation des Sols) n\u2019est pas une technique agricole empirique, \u00e9sot\u00e9rique ou mystique (elle peut \u00eatre pratiqu\u00e9e en agriculture conventionnelle ou biologique), elle est fond\u00e9e sur la recherche et les connaissances scientifiques de la biologie des sols et des plantes. Elle a pour but de recr\u00e9er la fertilit\u00e9 naturelle des sols en copiant la nature. Sans l\u2019homme, les feuilles mortes, la paille, le bois (tout les d\u00e9bris v\u00e9g\u00e9taux) commencent \u00e0 se d\u00e9composer \u00e0 la surface du sol par l\u2019action de bact\u00e9ries fixatrices d\u2019azote (la paille dor\u00e9e devient noire, \u00e7a commence \u00e0 \u00ab pourrir \u00bb), puis tous les \u00eatres vivants du sol (insectes, vers de terre, champignons, bact\u00e9ries, \u2026) transforment petit \u00e0 petit cette mati\u00e8re organique en humus, pour finir en \u00e9l\u00e9ments simples (azote N, phosphore P, potasse K, \u2026) assimilables par les plantes. La nature fonctionne tr\u00e8s bien comme \u00e7a, sans l\u2019intervention des tracteurs et des engrais chimiques depuis 470 millions d\u2019ann\u00e9es.<\/p>\n<p>[\/et_pb_text][\/et_pb_column][\/et_pb_row][et_pb_row column_structure=\u00a0\u00bb1_2,1_2&Prime; _builder_version=\u00a0\u00bb4.9.0&Prime; _module_preset=\u00a0\u00bbdefault\u00a0\u00bb][et_pb_column type=\u00a0\u00bb1_2&Prime; _builder_version=\u00a0\u00bb4.9.0&Prime; _module_preset=\u00a0\u00bbdefault\u00a0\u00bb][et_pb_text _builder_version=\u00a0\u00bb4.9.0&Prime; _module_preset=\u00a0\u00bbdefault\u00a0\u00bb text_font=\u00a0\u00bb|600|||||||\u00a0\u00bb text_text_color=\u00a0\u00bb#000000&Prime; custom_margin_tablet=\u00a0\u00bb-18px||||false|false\u00a0\u00bb custom_margin_phone=\u00a0\u00bb\u00a0\u00bb custom_margin_last_edited=\u00a0\u00bbon|tablet\u00a0\u00bb custom_padding=\u00a0\u00bb0px||||false|false\u00a0\u00bb]<\/p>\n<p>Donc par la biologie, en semant des couverts v\u00e9g\u00e9taux, on optimise au maximum la photosynth\u00e8se sur toute la parcelle (jamais de sol nu) et on cr\u00e9e in situ le maximum de mati\u00e8re organique. Ces couverts v\u00e9g\u00e9taux sont ensuite couch\u00e9s pour couvrir le sol (protection contre la chaleur et les UV) et leur d\u00e9composition va nourrir toute la biodiversit\u00e9 du sol en surface et en profondeur.<\/p>\n<p>Le sol redevient vivant. Ainsi on am\u00e9liore les propri\u00e9t\u00e9s de porosit\u00e9 (et donc de r\u00e9tention en eau), de portance et de fertilit\u00e9 du sol.<\/p>\n<p>Cette technique agricole est vertueuse car en augmentant la mati\u00e8re organique dans les sols, elle stocke du Carbonne venant de l\u2019atmosph\u00e8re (CO\u00b2).<\/p>\n<p>[\/et_pb_text][\/et_pb_column][et_pb_column type=\u00a0\u00bb1_2&Prime; _builder_version=\u00a0\u00bb4.9.0&Prime; _module_preset=\u00a0\u00bbdefault\u00a0\u00bb][et_pb_gallery gallery_ids=\u00a0\u00bb1395,1393,1394&Prime; fullwidth=\u00a0\u00bbon\u00a0\u00bb _builder_version=\u00a0\u00bb4.9.0&Prime; _module_preset=\u00a0\u00bbdefault\u00a0\u00bb hover_enabled=\u00a0\u00bb0&Prime; box_shadow_style=\u00a0\u00bbpreset2&Prime; sticky_enabled=\u00a0\u00bb0&Prime;][\/et_pb_gallery][\/et_pb_column][\/et_pb_row][et_pb_row _builder_version=\u00a0\u00bb4.9.0&Prime; _module_preset=\u00a0\u00bbdefault\u00a0\u00bb][et_pb_column type=\u00a0\u00bb4_4&Prime; _builder_version=\u00a0\u00bb4.9.0&Prime; _module_preset=\u00a0\u00bbdefault\u00a0\u00bb][et_pb_image src=\u00a0\u00bbhttps:\/\/plaine-haute.com\/vin-bio\/wp-content\/uploads\/2021\/03\/envol-coccinelle-mas-vins-bio-languedocjpg-1.jpg\u00a0\u00bb title_text=\u00a0\u00bbenvol-coccinelle-mas-vins-bio-languedocjpg\u00a0\u00bb show_in_lightbox=\u00a0\u00bbon\u00a0\u00bb _builder_version=\u00a0\u00bb4.9.0&Prime; _module_preset=\u00a0\u00bbdefault\u00a0\u00bb animation_style=\u00a0\u00bbslide\u00a0\u00bb animation_direction=\u00a0\u00bbtop\u00a0\u00bb animation_duration=\u00a0\u00bb1500ms\u00a0\u00bb hover_enabled=\u00a0\u00bb0&Prime; box_shadow_style=\u00a0\u00bbpreset2&Prime; sticky_enabled=\u00a0\u00bb0&Prime;][\/et_pb_image][\/et_pb_column][\/et_pb_row][\/et_pb_section]<\/p>\n","protected":false},"excerpt":{"rendered":"<p>Une de mes grandes fiert\u00e9s, au-del\u00e0 des compliments que me font celles et ceux qui appr\u00e9cient mes vins, est d&rsquo;avoir su pr\u00e9server ce terroir magnifique pour le transmettre un jour, plus beau encore, \u00e0 mes enfants. La petite histoireJeune, le travail de la vigne ne m\u2019attirait pas beaucoup ! J\u2019aidais occasionnellement, surtout pour les vendanges, [&hellip;]<\/p>\n","protected":false},"author":1,"featured_media":0,"parent":0,"menu_order":0,"comment_status":"closed","ping_status":"closed","template":"","meta":{"_et_pb_use_builder":"on","_et_pb_old_content":"","_et_gb_content_width":""},"yoast_head":"<!-- This site is optimized with the Yoast SEO plugin v19.4 - https:\/\/yoast.com\/wordpress\/plugins\/seo\/ -->\n<title>Olivier ROBERT. Le vigneron du Mas de la Plaine Haute - Mas Plaine Haute. Olivier Robert, vigneron bio en agro\u00e9cologie.<\/title>\n<meta name=\"robots\" content=\"index, follow, max-snippet:-1, max-image-preview:large, max-video-preview:-1\" \/>\n<link rel=\"canonical\" href=\"https:\/\/plaine-haute.com\/vin-bio\/olivier-robert-le-vigneron-du-mas-de-la-plaine-haute\/\" \/>\n<meta property=\"og:locale\" content=\"fr_FR\" \/>\n<meta property=\"og:type\" content=\"article\" \/>\n<meta property=\"og:title\" content=\"Olivier ROBERT. Le vigneron du Mas de la Plaine Haute - Mas Plaine Haute. Olivier Robert, vigneron bio en agro\u00e9cologie.\" \/>\n<meta property=\"og:description\" content=\"Une de mes grandes fiert\u00e9s, au-del\u00e0 des compliments que me font celles et ceux qui appr\u00e9cient mes vins, est d&#039;avoir su pr\u00e9server ce terroir magnifique pour le transmettre un jour, plus beau encore, \u00e0 mes enfants. La petite histoireJeune, le travail de la vigne ne m\u2019attirait pas beaucoup ! J\u2019aidais occasionnellement, surtout pour les vendanges, [&hellip;]\" \/>\n<meta property=\"og:url\" content=\"https:\/\/plaine-haute.com\/vin-bio\/olivier-robert-le-vigneron-du-mas-de-la-plaine-haute\/\" \/>\n<meta property=\"og:site_name\" content=\"Mas Plaine Haute. Olivier Robert, vigneron bio en agro\u00e9cologie.\" \/>\n<meta property=\"article:publisher\" content=\"https:\/\/www.facebook.com\/Mas-de-la-Plaine-Haute-280622138618429\" \/>\n<meta property=\"article:modified_time\" content=\"2021-11-20T19:19:33+00:00\" \/>\n<meta property=\"og:image\" content=\"https:\/\/plaine-haute.com\/vin-bio\/wp-content\/uploads\/2021\/08\/decouverte-vignoble-vins-bio-languedoc-occitanie-mas-plaine-haute-photo-alain-marquina.jpg\" \/>\n\t<meta property=\"og:image:width\" content=\"1920\" \/>\n\t<meta property=\"og:image:height\" content=\"1080\" \/>\n\t<meta property=\"og:image:type\" content=\"image\/jpeg\" \/>\n<meta name=\"twitter:card\" content=\"summary_large_image\" \/>\n<meta name=\"twitter:label1\" content=\"Dur\u00e9e de lecture estim\u00e9e\" \/>\n\t<meta name=\"twitter:data1\" content=\"14 minutes\" \/>\n<script type=\"application\/ld+json\" class=\"yoast-schema-graph\">{\"@context\":\"https:\/\/schema.org\",\"@graph\":[{\"@type\":\"WebSite\",\"@id\":\"https:\/\/plaine-haute.com\/vin-bio\/#website\",\"url\":\"https:\/\/plaine-haute.com\/vin-bio\/\",\"name\":\"Mas Plaine Haute. Olivier Robert, vigneron bio en agro\u00e9cologie.\",\"description\":\"Un vignoble bio en Occitanie\",\"potentialAction\":[{\"@type\":\"SearchAction\",\"target\":{\"@type\":\"EntryPoint\",\"urlTemplate\":\"https:\/\/plaine-haute.com\/vin-bio\/?s={search_term_string}\"},\"query-input\":\"required name=search_term_string\"}],\"inLanguage\":\"fr-FR\"},{\"@type\":\"WebPage\",\"@id\":\"https:\/\/plaine-haute.com\/vin-bio\/olivier-robert-le-vigneron-du-mas-de-la-plaine-haute\/\",\"url\":\"https:\/\/plaine-haute.com\/vin-bio\/olivier-robert-le-vigneron-du-mas-de-la-plaine-haute\/\",\"name\":\"Olivier ROBERT. Le vigneron du Mas de la Plaine Haute - Mas Plaine Haute. Olivier Robert, vigneron bio en agro\u00e9cologie.\",\"isPartOf\":{\"@id\":\"https:\/\/plaine-haute.com\/vin-bio\/#website\"},\"datePublished\":\"2021-03-25T15:21:51+00:00\",\"dateModified\":\"2021-11-20T19:19:33+00:00\",\"breadcrumb\":{\"@id\":\"https:\/\/plaine-haute.com\/vin-bio\/olivier-robert-le-vigneron-du-mas-de-la-plaine-haute\/#breadcrumb\"},\"inLanguage\":\"fr-FR\",\"potentialAction\":[{\"@type\":\"ReadAction\",\"target\":[\"https:\/\/plaine-haute.com\/vin-bio\/olivier-robert-le-vigneron-du-mas-de-la-plaine-haute\/\"]}]},{\"@type\":\"BreadcrumbList\",\"@id\":\"https:\/\/plaine-haute.com\/vin-bio\/olivier-robert-le-vigneron-du-mas-de-la-plaine-haute\/#breadcrumb\",\"itemListElement\":[{\"@type\":\"ListItem\",\"position\":1,\"name\":\"Accueil\",\"item\":\"https:\/\/plaine-haute.com\/vin-bio\/\"},{\"@type\":\"ListItem\",\"position\":2,\"name\":\"Olivier ROBERT. Le vigneron du Mas de la Plaine Haute\"}]}]}<\/script>\n<!-- \/ Yoast SEO plugin. -->","yoast_head_json":{"title":"Olivier ROBERT. Le vigneron du Mas de la Plaine Haute - Mas Plaine Haute. Olivier Robert, vigneron bio en agro\u00e9cologie.","robots":{"index":"index","follow":"follow","max-snippet":"max-snippet:-1","max-image-preview":"max-image-preview:large","max-video-preview":"max-video-preview:-1"},"canonical":"https:\/\/plaine-haute.com\/vin-bio\/olivier-robert-le-vigneron-du-mas-de-la-plaine-haute\/","og_locale":"fr_FR","og_type":"article","og_title":"Olivier ROBERT. Le vigneron du Mas de la Plaine Haute - Mas Plaine Haute. Olivier Robert, vigneron bio en agro\u00e9cologie.","og_description":"Une de mes grandes fiert\u00e9s, au-del\u00e0 des compliments que me font celles et ceux qui appr\u00e9cient mes vins, est d'avoir su pr\u00e9server ce terroir magnifique pour le transmettre un jour, plus beau encore, \u00e0 mes enfants. La petite histoireJeune, le travail de la vigne ne m\u2019attirait pas beaucoup ! J\u2019aidais occasionnellement, surtout pour les vendanges, [&hellip;]","og_url":"https:\/\/plaine-haute.com\/vin-bio\/olivier-robert-le-vigneron-du-mas-de-la-plaine-haute\/","og_site_name":"Mas Plaine Haute. Olivier Robert, vigneron bio en agro\u00e9cologie.","article_publisher":"https:\/\/www.facebook.com\/Mas-de-la-Plaine-Haute-280622138618429","article_modified_time":"2021-11-20T19:19:33+00:00","og_image":[{"width":1920,"height":1080,"url":"https:\/\/plaine-haute.com\/vin-bio\/wp-content\/uploads\/2021\/08\/decouverte-vignoble-vins-bio-languedoc-occitanie-mas-plaine-haute-photo-alain-marquina.jpg","type":"image\/jpeg"}],"twitter_card":"summary_large_image","twitter_misc":{"Dur\u00e9e de lecture estim\u00e9e":"14 minutes"},"schema":{"@context":"https:\/\/schema.org","@graph":[{"@type":"WebSite","@id":"https:\/\/plaine-haute.com\/vin-bio\/#website","url":"https:\/\/plaine-haute.com\/vin-bio\/","name":"Mas Plaine Haute. Olivier Robert, vigneron bio en agro\u00e9cologie.","description":"Un vignoble bio en Occitanie","potentialAction":[{"@type":"SearchAction","target":{"@type":"EntryPoint","urlTemplate":"https:\/\/plaine-haute.com\/vin-bio\/?s={search_term_string}"},"query-input":"required name=search_term_string"}],"inLanguage":"fr-FR"},{"@type":"WebPage","@id":"https:\/\/plaine-haute.com\/vin-bio\/olivier-robert-le-vigneron-du-mas-de-la-plaine-haute\/","url":"https:\/\/plaine-haute.com\/vin-bio\/olivier-robert-le-vigneron-du-mas-de-la-plaine-haute\/","name":"Olivier ROBERT. Le vigneron du Mas de la Plaine Haute - Mas Plaine Haute. Olivier Robert, vigneron bio en agro\u00e9cologie.","isPartOf":{"@id":"https:\/\/plaine-haute.com\/vin-bio\/#website"},"datePublished":"2021-03-25T15:21:51+00:00","dateModified":"2021-11-20T19:19:33+00:00","breadcrumb":{"@id":"https:\/\/plaine-haute.com\/vin-bio\/olivier-robert-le-vigneron-du-mas-de-la-plaine-haute\/#breadcrumb"},"inLanguage":"fr-FR","potentialAction":[{"@type":"ReadAction","target":["https:\/\/plaine-haute.com\/vin-bio\/olivier-robert-le-vigneron-du-mas-de-la-plaine-haute\/"]}]},{"@type":"BreadcrumbList","@id":"https:\/\/plaine-haute.com\/vin-bio\/olivier-robert-le-vigneron-du-mas-de-la-plaine-haute\/#breadcrumb","itemListElement":[{"@type":"ListItem","position":1,"name":"Accueil","item":"https:\/\/plaine-haute.com\/vin-bio\/"},{"@type":"ListItem","position":2,"name":"Olivier ROBERT. Le vigneron du Mas de la Plaine Haute"}]}]}},"_links":{"self":[{"href":"https:\/\/plaine-haute.com\/vin-bio\/wp-json\/wp\/v2\/pages\/282"}],"collection":[{"href":"https:\/\/plaine-haute.com\/vin-bio\/wp-json\/wp\/v2\/pages"}],"about":[{"href":"https:\/\/plaine-haute.com\/vin-bio\/wp-json\/wp\/v2\/types\/page"}],"author":[{"embeddable":true,"href":"https:\/\/plaine-haute.com\/vin-bio\/wp-json\/wp\/v2\/users\/1"}],"replies":[{"embeddable":true,"href":"https:\/\/plaine-haute.com\/vin-bio\/wp-json\/wp\/v2\/comments?post=282"}],"version-history":[{"count":91,"href":"https:\/\/plaine-haute.com\/vin-bio\/wp-json\/wp\/v2\/pages\/282\/revisions"}],"predecessor-version":[{"id":1785,"href":"https:\/\/plaine-haute.com\/vin-bio\/wp-json\/wp\/v2\/pages\/282\/revisions\/1785"}],"wp:attachment":[{"href":"https:\/\/plaine-haute.com\/vin-bio\/wp-json\/wp\/v2\/media?parent=282"}],"curies":[{"name":"wp","href":"https:\/\/api.w.org\/{rel}","templated":true}]}}